{"id":6,"date":"2023-10-27T15:27:01","date_gmt":"2023-10-27T13:27:01","guid":{"rendered":"http:\/\/www2.nachbarschaftsbrot.org\/?page_id=6"},"modified":"2023-11-17T20:19:50","modified_gmt":"2023-11-17T19:19:50","slug":"home","status":"publish","type":"page","link":"http:\/\/www2.nachbarschaftsbrot.org\/berlin\/","title":{"rendered":"Home"},"content":{"rendered":"\n<div class=\"wp-block-group desktop-homepage-article-container col-md-6 col-sm-12 col-xs-12 article-container article-container1\"><div class=\"wp-block-group__inner-container is-layout-constrained wp-block-group-is-layout-constrained\">\n\t\t\t<div class=\"wp-block-uagb-post-grid uagb-post-grid  uagb-post__image-position-top uagb-post__image-enabled uagb-block-afdd4d11     uagb-post__items uagb-post__columns-1 is-grid uagb-post__columns-tablet-1 uagb-post__columns-mobile-1 uagb-post__equal-height\" data-total=\"1\" style=\"\">\n\n\t\t\t\t\t\t\t\t\t\t\t\t<article class=\"uagb-post__inner-wrap\">\t\t\t\t\t\t\t\t<div class='uagb-post__image'>\n\t\t\t\t\t\t\t\t\t<a href=\"http:\/\/www2.nachbarschaftsbrot.org\/berlin\/nachbarschaftsbrot-ist-jetzt-ein-verein\/\" target=\"_self\" rel=\"bookmark noopener noreferrer\" class='uagb-image-ratio-inherit'><img loading=\"lazy\" decoding=\"async\" width=\"300\" height=\"232\" src=\"http:\/\/www2.nachbarschaftsbrot.org\/berlin\/wp-content\/uploads\/2023\/10\/haende_im_kreis-300x232.jpg\" class=\"attachment-medium size-medium\" alt=\"H\u00e4nde im Kreis\" srcset=\"http:\/\/www2.nachbarschaftsbrot.org\/berlin\/wp-content\/uploads\/2023\/10\/haende_im_kreis-300x232.jpg 300w, http:\/\/www2.nachbarschaftsbrot.org\/berlin\/wp-content\/uploads\/2023\/10\/haende_im_kreis.jpg 768w\" sizes=\"auto, (max-width: 300px) 100vw, 300px\" \/>\t\t\t\t\t<\/a>\n\t\t\t\t\t\t\t<\/div>\n\t\t\t\t\t\t<h3 class=\"uagb-post__title uagb-post__text\">\n\t\t\t\t<a href=\"http:\/\/www2.nachbarschaftsbrot.org\/berlin\/nachbarschaftsbrot-ist-jetzt-ein-verein\/\" target=\"_self\" rel=\"bookmark noopener noreferrer\">Nachbarschaftsbrot ist jetzt ein Verein<\/a>\n\t\t\t<\/h3>\n\t\t\t\t\t\t<div class='uagb-post__text uagb-post-grid-byline'>\n\t\t\t\t\t\t\t<\/div>\n\t\t\t\t\t\t\t<div class='uagb-post__text uagb-post__excerpt'>\n\t\t\t\t\tDas Projekt Nachbarschaftsbrot arbeitet mit vereinten Kr\u00e4ften an der Umsetzung des Backwagens im Regenbogenkiez. Und da Gemeinn\u00fctzigkeit dabei manches leichter macht hat die Initiative am 01.08.2023 den Verein Nachbarschaftsbrot e. V. gegr\u00fcndet.\n\nWir freuen uns \u00fcber alle, die mitmachen wollen &#8211; schreibt uns einfach eine <a href=\"mailto:monique@nachbarschaftsbrot.org\">E-Mail<\/a>.\t\t\t\t<\/div>\n\t\t\t\t\t\t<div class=\"uagb-post__text uagb-post__cta wp-block-button\">\n\t\t\t\t<a class=\"wp-block-button__link uagb-text-link\" href=\"http:\/\/www2.nachbarschaftsbrot.org\/berlin\/nachbarschaftsbrot-ist-jetzt-ein-verein\/\" target=\"_self\" rel=\"bookmark noopener noreferrer\">Weiterlesen<\/a>\n\t\t\t<\/div>\n\t\t\t\t\t\t\t\t\t\t\t\t<\/article>\n\t\t\t\t\t\t\t\t\t\t\t\t\t\t\t\t<article class=\"uagb-post__inner-wrap\">\t\t\t\t\t\t\t\t<div class='uagb-post__image'>\n\t\t\t\t\t\t\t\t\t<a href=\"http:\/\/www2.nachbarschaftsbrot.org\/berlin\/konzept-nachbarschaftsbrot-in-berlin-schoeneberg\/\" target=\"_self\" rel=\"bookmark noopener noreferrer\" class='uagb-image-ratio-inherit'><img loading=\"lazy\" decoding=\"async\" width=\"300\" height=\"200\" src=\"http:\/\/www2.nachbarschaftsbrot.org\/berlin\/wp-content\/uploads\/2023\/10\/backwagen-300x200.jpg\" class=\"attachment-medium size-medium\" alt=\"\" srcset=\"http:\/\/www2.nachbarschaftsbrot.org\/berlin\/wp-content\/uploads\/2023\/10\/backwagen-300x200.jpg 300w, http:\/\/www2.nachbarschaftsbrot.org\/berlin\/wp-content\/uploads\/2023\/10\/backwagen.jpg 560w\" sizes=\"auto, (max-width: 300px) 100vw, 300px\" \/>\t\t\t\t\t<\/a>\n\t\t\t\t\t\t\t<\/div>\n\t\t\t\t\t\t<h3 class=\"uagb-post__title uagb-post__text\">\n\t\t\t\t<a href=\"http:\/\/www2.nachbarschaftsbrot.org\/berlin\/konzept-nachbarschaftsbrot-in-berlin-schoeneberg\/\" target=\"_self\" rel=\"bookmark noopener noreferrer\">Konzept Nachbarschaftsbrot in Berlin-Sch\u00f6neberg<\/a>\n\t\t\t<\/h3>\n\t\t\t\t\t\t<div class='uagb-post__text uagb-post-grid-byline'>\n\t\t\t\t\t\t\t<\/div>\n\t\t\t\t\t\t\t<div class='uagb-post__text uagb-post__excerpt'>\n\t\t\t\t\t<p>In Anlehnung an das Projekt Bakkerij de Eenvoud bietet Nachbarschaftsbrot einen umgebauten Bauwagen in einer Sch\u00f6neberger Nachbarschaft in Berlin, in dem die Menschen ihr eigenes Brot in einem eingebauten Holzofen backen k\u00f6nnen.<\/p>\n<p>Die B\u00e4ckerei ist nicht dazu gedacht, Brot zu verkaufen, sondern vielmehr die Menschen zusammenzubringen. Der Charme der Kiezbackstube besteht darin, in einem statt in vielen einzelnen \u00d6fen Brote zu backen, und die Brote zusammen mit allen m\u00f6glichen Leuten zu backen, die spontan hereinkommen. W\u00e4hrend der Teigherstellung, beim Warten bis der Teig gegangen ist und beim Backen selbst entstehen Gespr\u00e4che \u00fcber das Leben in der Nachbarschaft, \u00fcber das sich-zu-Hause-F\u00fchlen, \u00fcber&#8230;\t\t\t\t<\/div>\n\t\t\t\t\t\t<div class=\"uagb-post__text uagb-post__cta wp-block-button\">\n\t\t\t\t<a class=\"wp-block-button__link uagb-text-link\" href=\"http:\/\/www2.nachbarschaftsbrot.org\/berlin\/konzept-nachbarschaftsbrot-in-berlin-schoeneberg\/\" target=\"_self\" rel=\"bookmark noopener noreferrer\">Weiterlesen<\/a>\n\t\t\t<\/div>\n\t\t\t\t\t\t\t\t\t\t\t\t<\/article>\n\t\t\t\t\t\t\t\t\t\t\t\t\t\t\t\t<article class=\"uagb-post__inner-wrap\">\t\t\t\t\t\t\t\t<div class='uagb-post__image'>\n\t\t\t\t\t\t\t\t\t<a href=\"http:\/\/www2.nachbarschaftsbrot.org\/berlin\/neue-nachbarschaftsinitiative\/\" target=\"_self\" rel=\"bookmark noopener noreferrer\" class='uagb-image-ratio-inherit'><img loading=\"lazy\" decoding=\"async\" width=\"300\" height=\"225\" src=\"http:\/\/www2.nachbarschaftsbrot.org\/berlin\/wp-content\/uploads\/2023\/10\/wunschort_spielplatz-300x225.jpg\" class=\"attachment-medium size-medium\" alt=\"Der Spielplatz als Wunschort f\u00fcr den Backwagen\" srcset=\"http:\/\/www2.nachbarschaftsbrot.org\/berlin\/wp-content\/uploads\/2023\/10\/wunschort_spielplatz-300x225.jpg 300w, http:\/\/www2.nachbarschaftsbrot.org\/berlin\/wp-content\/uploads\/2023\/10\/wunschort_spielplatz.jpg 560w\" sizes=\"auto, (max-width: 300px) 100vw, 300px\" \/>\t\t\t\t\t<\/a>\n\t\t\t\t\t\t\t<\/div>\n\t\t\t\t\t\t<h3 class=\"uagb-post__title uagb-post__text\">\n\t\t\t\t<a href=\"http:\/\/www2.nachbarschaftsbrot.org\/berlin\/neue-nachbarschaftsinitiative\/\" target=\"_self\" rel=\"bookmark noopener noreferrer\">Neue Nachbarschaftsinitiative<\/a>\n\t\t\t<\/h3>\n\t\t\t\t\t\t<div class='uagb-post__text uagb-post-grid-byline'>\n\t\t\t\t\t\t\t<\/div>\n\t\t\t\t\t\t\t<div class='uagb-post__text uagb-post__excerpt'>\n\t\t\t\t\tDas Konzept f\u00fcr das Projekt und die Idee f\u00fcr den Ort sind schon da. Jetzt brauchen wir Interessierte, die als k\u00fcnftige Initiative das Projekt gemeinsam weiterentwickeln und umsetzen m\u00f6chten. Wir werden als n\u00e4chstes ein Treffen mit den Interessierten organisieren.\t\t\t\t<\/div>\n\t\t\t\t\t\t<div class=\"uagb-post__text uagb-post__cta wp-block-button\">\n\t\t\t\t<a class=\"wp-block-button__link uagb-text-link\" href=\"http:\/\/www2.nachbarschaftsbrot.org\/berlin\/neue-nachbarschaftsinitiative\/\" target=\"_self\" rel=\"bookmark noopener noreferrer\">Weiterlesen<\/a>\n\t\t\t<\/div>\n\t\t\t\t\t\t\t\t\t\t\t\t<\/article>\n\t\t\t\t\t\t\t\t\t\t\t<\/div>\n\t\t\t<\/div><\/div>\n\n\n\n<div class=\"wp-block-group desktop-homepage-article-container col-md-6 col-sm-12 col-xs-12 article-container article-container2\"><div class=\"wp-block-group__inner-container is-layout-constrained wp-block-group-is-layout-constrained\">\n\t\t\t<div class=\"wp-block-uagb-post-grid uagb-post-grid  uagb-post__image-position-top uagb-post__image-enabled uagb-block-545d46a3     uagb-post__items uagb-post__columns-1 is-grid uagb-post__columns-tablet-1 uagb-post__columns-mobile-1 uagb-post__equal-height\" data-total=\"1\" style=\"\">\n\n\t\t\t\t\t\t\t\t\t\t\t\t<article class=\"uagb-post__inner-wrap\">\t\t\t\t\t\t\t\t<div class='uagb-post__image'>\n\t\t\t\t\t\t\t\t\t<a href=\"http:\/\/www2.nachbarschaftsbrot.org\/berlin\/nachbarschaftsbrot-feiert-den-ersten-geburtstag\/\" target=\"_self\" rel=\"bookmark noopener noreferrer\" class='uagb-image-ratio-inherit'><img loading=\"lazy\" decoding=\"async\" width=\"300\" height=\"200\" src=\"http:\/\/www2.nachbarschaftsbrot.org\/berlin\/wp-content\/uploads\/2023\/11\/Geburtstagskuchen-300x200.jpg\" class=\"attachment-medium size-medium\" alt=\"Geburtstagskuchen\" srcset=\"http:\/\/www2.nachbarschaftsbrot.org\/berlin\/wp-content\/uploads\/2023\/11\/Geburtstagskuchen-300x200.jpg 300w, http:\/\/www2.nachbarschaftsbrot.org\/berlin\/wp-content\/uploads\/2023\/11\/Geburtstagskuchen.jpg 560w\" sizes=\"auto, (max-width: 300px) 100vw, 300px\" \/>\t\t\t\t\t<\/a>\n\t\t\t\t\t\t\t<\/div>\n\t\t\t\t\t\t<h3 class=\"uagb-post__title uagb-post__text\">\n\t\t\t\t<a href=\"http:\/\/www2.nachbarschaftsbrot.org\/berlin\/nachbarschaftsbrot-feiert-den-ersten-geburtstag\/\" target=\"_self\" rel=\"bookmark noopener noreferrer\">Nachbarschaftsbrot feiert den ersten Geburtstag<\/a>\n\t\t\t<\/h3>\n\t\t\t\t\t\t<div class='uagb-post__text uagb-post-grid-byline'>\n\t\t\t\t\t\t\t<\/div>\n\t\t\t\t\t\t\t<div class='uagb-post__text uagb-post__excerpt'>\n\t\t\t\t\tUnser n\u00e4chstes Arbeitstreffen findet am Montag, dem 04.12.2023 um 19 Uhr im Gruppenraum von MANEO (Mann-O-Meter e.V.) in Berlin Sch\u00f6neberg statt. Und diesmal ist das ein besonderer Anlass, denn Nachbarschaftsbrot wird ein Jahr alt: am 05.12.2022 war n\u00e4mlich unser Initiativtreffen, bei dem wir zum aller ersten Mal zusammengekommen sind.\t\t\t\t<\/div>\n\t\t\t\t\t\t<div class=\"uagb-post__text uagb-post__cta wp-block-button\">\n\t\t\t\t<a class=\"wp-block-button__link uagb-text-link\" href=\"http:\/\/www2.nachbarschaftsbrot.org\/berlin\/nachbarschaftsbrot-feiert-den-ersten-geburtstag\/\" target=\"_self\" rel=\"bookmark noopener noreferrer\">Weiterlesen<\/a>\n\t\t\t<\/div>\n\t\t\t\t\t\t\t\t\t\t\t\t<\/article>\n\t\t\t\t\t\t\t\t\t\t\t\t\t\t\t\t<article class=\"uagb-post__inner-wrap\">\t\t\t\t\t\t\t\t<div class='uagb-post__image'>\n\t\t\t\t\t\t\t\t\t<a href=\"http:\/\/www2.nachbarschaftsbrot.org\/berlin\/naechstes-arbeitstreffen-im-november\/\" target=\"_self\" rel=\"bookmark noopener noreferrer\" class='uagb-image-ratio-inherit'><img loading=\"lazy\" decoding=\"async\" width=\"300\" height=\"160\" src=\"http:\/\/www2.nachbarschaftsbrot.org\/berlin\/wp-content\/uploads\/2023\/10\/maneo-lageplan-300x160.jpg\" class=\"attachment-medium size-medium\" alt=\"Maneo Lageplan\" srcset=\"http:\/\/www2.nachbarschaftsbrot.org\/berlin\/wp-content\/uploads\/2023\/10\/maneo-lageplan-300x160.jpg 300w, http:\/\/www2.nachbarschaftsbrot.org\/berlin\/wp-content\/uploads\/2023\/10\/maneo-lageplan.jpg 378w\" sizes=\"auto, (max-width: 300px) 100vw, 300px\" \/>\t\t\t\t\t<\/a>\n\t\t\t\t\t\t\t<\/div>\n\t\t\t\t\t\t<h3 class=\"uagb-post__title uagb-post__text\">\n\t\t\t\t<a href=\"http:\/\/www2.nachbarschaftsbrot.org\/berlin\/naechstes-arbeitstreffen-im-november\/\" target=\"_self\" rel=\"bookmark noopener noreferrer\">N\u00e4chstes Arbeitstreffen im November<\/a>\n\t\t\t<\/h3>\n\t\t\t\t\t\t<div class='uagb-post__text uagb-post-grid-byline'>\n\t\t\t\t\t\t\t<\/div>\n\t\t\t\t\t\t\t<div class='uagb-post__text uagb-post__excerpt'>\n\t\t\t\t\tUnser n\u00e4chstes Arbeitstreffen findet am Montag, dem <strong>06.11.2023<\/strong> um 19 Uhr im Gruppenraum von MANEO (Mann-O-Meter e.V.) in Berlin Sch\u00f6neberg statt.\t\t\t\t<\/div>\n\t\t\t\t\t\t<div class=\"uagb-post__text uagb-post__cta wp-block-button\">\n\t\t\t\t<a class=\"wp-block-button__link uagb-text-link\" href=\"http:\/\/www2.nachbarschaftsbrot.org\/berlin\/naechstes-arbeitstreffen-im-november\/\" target=\"_self\" rel=\"bookmark noopener noreferrer\">Weiterlesen<\/a>\n\t\t\t<\/div>\n\t\t\t\t\t\t\t\t\t\t\t\t<\/article>\n\t\t\t\t\t\t\t\t\t\t\t\t\t\t\t\t<article class=\"uagb-post__inner-wrap\">\t\t\t\t\t\t\t\t<div class='uagb-post__image'>\n\t\t\t\t\t\t\t\t\t<a href=\"http:\/\/www2.nachbarschaftsbrot.org\/berlin\/nachbarschaftsbrot-beim-dialog-im-kosmosviertel\/\" target=\"_self\" rel=\"bookmark noopener noreferrer\" class='uagb-image-ratio-inherit'><img loading=\"lazy\" decoding=\"async\" width=\"300\" height=\"200\" src=\"http:\/\/www2.nachbarschaftsbrot.org\/berlin\/wp-content\/uploads\/2023\/10\/Dialog_im_Kosmos-300x200.jpg\" class=\"attachment-medium size-medium\" alt=\"\" srcset=\"http:\/\/www2.nachbarschaftsbrot.org\/berlin\/wp-content\/uploads\/2023\/10\/Dialog_im_Kosmos-300x200.jpg 300w, http:\/\/www2.nachbarschaftsbrot.org\/berlin\/wp-content\/uploads\/2023\/10\/Dialog_im_Kosmos.jpg 560w\" sizes=\"auto, (max-width: 300px) 100vw, 300px\" \/>\t\t\t\t\t<\/a>\n\t\t\t\t\t\t\t<\/div>\n\t\t\t\t\t\t<h3 class=\"uagb-post__title uagb-post__text\">\n\t\t\t\t<a href=\"http:\/\/www2.nachbarschaftsbrot.org\/berlin\/nachbarschaftsbrot-beim-dialog-im-kosmosviertel\/\" target=\"_self\" rel=\"bookmark noopener noreferrer\">Nachbarschaftsbrot beim &#8222;Dialog im Kosmosviertel&#8220;<\/a>\n\t\t\t<\/h3>\n\t\t\t\t\t\t<div class='uagb-post__text uagb-post-grid-byline'>\n\t\t\t\t\t\t\t<\/div>\n\t\t\t\t\t\t\t<div class='uagb-post__text uagb-post__excerpt'>\n\t\t\t\t\t<p>Auf Einladung des Projektes \u201eDialog im Kosmosviertel\u201c in Alt-Glienicke stellten wir am 27.09.2023 unsere Idee von Nachbarschaftsbrot vor. Es geht darum, f\u00fcr das Viertel neue Begegnungsm\u00f6glichkeiten zu finden und die Idee des gemeinsamen Backens kam gut an. Wir sind gespannt auf die weiteren Entwicklungen und w\u00fcnschen viel Erfolg.<\/p>\n\t\t\t\t<\/div>\n\t\t\t\t\t\t<div class=\"uagb-post__text uagb-post__cta wp-block-button\">\n\t\t\t\t<a class=\"wp-block-button__link uagb-text-link\" href=\"http:\/\/www2.nachbarschaftsbrot.org\/berlin\/nachbarschaftsbrot-beim-dialog-im-kosmosviertel\/\" target=\"_self\" rel=\"bookmark noopener noreferrer\">Weiterlesen<\/a>\n\t\t\t<\/div>\n\t\t\t\t\t\t\t\t\t\t\t\t<\/article>\n\t\t\t\t\t\t\t\t\t\t\t<\/div>\n\t\t\t<\/div><\/div>\n","protected":false},"excerpt":{"rendered":"","protected":false},"author":1,"featured_media":0,"parent":0,"menu_order":0,"comment_status":"closed","ping_status":"closed","template":"","meta":{"_uag_custom_page_level_css":"","footnotes":""},"class_list":["post-6","page","type-page","status-publish","hentry"],"uagb_featured_image_src":{"full":false,"thumbnail":false,"medium":false,"medium_large":false,"large":false,"1536x1536":false,"2048x2048":false},"uagb_author_info":{"display_name":"Karsten","author_link":"http:\/\/www2.nachbarschaftsbrot.org\/berlin\/author\/karsten\/"},"uagb_comment_info":0,"uagb_excerpt":null,"_links":{"self":[{"href":"http:\/\/www2.nachbarschaftsbrot.org\/berlin\/wp-json\/wp\/v2\/pages\/6","targetHints":{"allow":["GET"]}}],"collection":[{"href":"http:\/\/www2.nachbarschaftsbrot.org\/berlin\/wp-json\/wp\/v2\/pages"}],"about":[{"href":"http:\/\/www2.nachbarschaftsbrot.org\/berlin\/wp-json\/wp\/v2\/types\/page"}],"author":[{"embeddable":true,"href":"http:\/\/www2.nachbarschaftsbrot.org\/berlin\/wp-json\/wp\/v2\/users\/1"}],"replies":[{"embeddable":true,"href":"http:\/\/www2.nachbarschaftsbrot.org\/berlin\/wp-json\/wp\/v2\/comments?post=6"}],"version-history":[{"count":62,"href":"http:\/\/www2.nachbarschaftsbrot.org\/berlin\/wp-json\/wp\/v2\/pages\/6\/revisions"}],"predecessor-version":[{"id":370,"href":"http:\/\/www2.nachbarschaftsbrot.org\/berlin\/wp-json\/wp\/v2\/pages\/6\/revisions\/370"}],"wp:attachment":[{"href":"http:\/\/www2.nachbarschaftsbrot.org\/berlin\/wp-json\/wp\/v2\/media?parent=6"}],"curies":[{"name":"wp","href":"https:\/\/api.w.org\/{rel}","templated":true}]}}